{"id":3479,"date":"2025-08-19T16:25:12","date_gmt":"2025-08-19T14:25:12","guid":{"rendered":"https:\/\/afterwork-stuttgart.de\/-\/weller-das-original\/"},"modified":"2025-09-03T16:04:54","modified_gmt":"2025-09-03T14:04:54","slug":"weller-das-original","status":"publish","type":"listing","link":"https:\/\/afterwork-stuttgart.de\/en\/partner\/weller-das-original\/","title":{"rendered":"WELLER \u2013 Das Original"},"content":{"rendered":"<p data-start=\"167\" data-end=\"749\"><strong data-start=\"167\" data-end=\"192\">WELLER \u2013 Das Original<\/strong> ist ein familiengef\u00fchrtes Cateringunternehmen mit Sitz in Stuttgart und z\u00e4hlt zu den Pionieren der modernen Cateringkultur in der Region. <br \/>Mit \u00fcber 150 Mitarbeitenden, eigener Manufaktur und einem konsequent nachhaltigen Ansatz bietet WELLER ma\u00dfgeschneiderte kulinarische L\u00f6sungen f\u00fcr Business-Events, private Feiern und Afterwork-Veranstaltungen. <br \/>Ob frisches Fingerfood, kreative Buffets oder exklusive Genussmomente \u2013 WELLER \u00fcberzeugt mit Qualit\u00e4t, Regionalit\u00e4t und digitaler Servicekompetenz. Perfekt f\u00fcr Unternehmen, Agenturen und Genie\u00dfer mit Anspruch.<\/p>\r\n<p data-start=\"751\" data-end=\"968\"><br data-start=\"760\" data-end=\"763\" \/>#WELLEROriginal #BusinessCatering #EventCatering #Nachhaltig #Regionalit\u00e4t #FingerfoodDeluxe #CateringStuttgart #FeierabendGenuss #ManufakturCatering #AfterWorkCatering #StuttgartEvents #afterworkstuttgart<\/p>\r\n\r\n<p>&nbsp;<\/p>\r\n","protected":false},"author":10,"featured_media":0,"comment_status":"open","ping_status":"closed","template":"","meta":[],"listing_category":[189],"event_category":[],"service_category":[],"rental_category":[],"classifieds_category":[],"listing_feature":[],"region":[111],"uebernachtung_category":[],"class_list":["post-3479","listing","type-listing","status-publish","hentry","listing_category-catering","region-stuttgart"],"yoast_head":"<!-- This site is optimized with the Yoast SEO Premium plugin v27.3 (Yoast SEO v27.5) - https:\/\/yoast.com\/product\/yoast-seo-premium-wordpress\/ -->\n<title>WELLER \u2013 Das Original &#8211; AFTERWORK Region Stuttgart<\/title>\n<meta name=\"robots\" content=\"index, follow, max-snippet:-1, max-image-preview:large, max-video-preview:-1\" \/>\n<link rel=\"canonical\" href=\"https:\/\/afterwork-stuttgart.de\/en\/partner\/weller-das-original\/\" \/>\n<meta property=\"og:locale\" content=\"en_US\" \/>\n<meta property=\"og:type\" content=\"article\" \/>\n<meta property=\"og:title\" content=\"WELLER \u2013 Das Original\" \/>\n<meta property=\"og:description\" content=\"WELLER \u2013 Das Original ist ein familiengef\u00fchrtes Cateringunternehmen mit Sitz in Stuttgart und z\u00e4hlt zu den Pionieren der modernen Cateringkultur in der Region. Mit \u00fcber 150 Mitarbeitenden, eigener Manufaktur und einem konsequent nachhaltigen Ansatz bietet WELLER ma\u00dfgeschneiderte kulinarische L\u00f6sungen f\u00fcr Business-Events, private Feiern und Afterwork-Veranstaltungen. Ob frisches Fingerfood, kreative Buffets oder exklusive Genussmomente \u2013 WELLER [&hellip;]\" \/>\n<meta property=\"og:url\" content=\"https:\/\/afterwork-stuttgart.de\/en\/partner\/weller-das-original\/\" \/>\n<meta property=\"og:site_name\" content=\"AFTERWORK Region Stuttgart\" \/>\n<meta property=\"article:publisher\" content=\"https:\/\/www.facebook.com\/AFTERWORKServices\" \/>\n<meta property=\"article:modified_time\" content=\"2025-09-03T14:04:54+00:00\" \/>\n<meta property=\"og:image\" content=\"https:\/\/afterwork-stuttgart.de\/wp-content\/uploads\/2025\/05\/stuttgart-scaled.jpeg\" \/>\n\t<meta property=\"og:image:width\" content=\"2560\" \/>\n\t<meta property=\"og:image:height\" content=\"1440\" \/>\n\t<meta property=\"og:image:type\" content=\"image\/jpeg\" \/>\n<meta name=\"twitter:card\" content=\"summary_large_image\" \/>\n<meta name=\"twitter:label1\" content=\"Est. reading time\" \/>\n\t<meta name=\"twitter:data1\" content=\"1 minute\" \/>\n<script type=\"application\/ld+json\" class=\"yoast-schema-graph\">{\"@context\":\"https:\\\/\\\/schema.org\",\"@graph\":[{\"@type\":\"WebPage\",\"@id\":\"https:\\\/\\\/afterwork-stuttgart.de\\\/en\\\/partner\\\/weller-das-original\\\/\",\"url\":\"https:\\\/\\\/afterwork-stuttgart.de\\\/en\\\/partner\\\/weller-das-original\\\/\",\"name\":\"WELLER \u2013 Das Original &#8211; AFTERWORK Region Stuttgart\",\"isPartOf\":{\"@id\":\"https:\\\/\\\/afterwork-stuttgart.de\\\/en\\\/#website\"},\"datePublished\":\"2025-08-19T14:25:12+00:00\",\"dateModified\":\"2025-09-03T14:04:54+00:00\",\"breadcrumb\":{\"@id\":\"https:\\\/\\\/afterwork-stuttgart.de\\\/en\\\/partner\\\/weller-das-original\\\/#breadcrumb\"},\"inLanguage\":\"en-US\",\"potentialAction\":[{\"@type\":\"ReadAction\",\"target\":[\"https:\\\/\\\/afterwork-stuttgart.de\\\/en\\\/partner\\\/weller-das-original\\\/\"]}]},{\"@type\":\"BreadcrumbList\",\"@id\":\"https:\\\/\\\/afterwork-stuttgart.de\\\/en\\\/partner\\\/weller-das-original\\\/#breadcrumb\",\"itemListElement\":[{\"@type\":\"ListItem\",\"position\":1,\"name\":\"Startseite\",\"item\":\"https:\\\/\\\/afterwork-stuttgart.de\\\/en\\\/home\\\/\"},{\"@type\":\"ListItem\",\"position\":2,\"name\":\"Listings\",\"item\":\"https:\\\/\\\/afterwork-stuttgart.de\\\/en\\\/partner\\\/\"},{\"@type\":\"ListItem\",\"position\":3,\"name\":\"WELLER \u2013 Das Original\"}]},{\"@type\":\"WebSite\",\"@id\":\"https:\\\/\\\/afterwork-stuttgart.de\\\/en\\\/#website\",\"url\":\"https:\\\/\\\/afterwork-stuttgart.de\\\/en\\\/\",\"name\":\"AFTERWORK Region Stuttgart\",\"description\":\"Die besten After-Work-Locations in Stuttgart: Exklusive Bars, Restaurants und Events f\u00fcr Gesch\u00e4ftsleute, Networker und Genie\u00dfer.\",\"publisher\":{\"@id\":\"https:\\\/\\\/afterwork-stuttgart.de\\\/en\\\/#organization\"},\"alternateName\":\"AFTERWORK Business\",\"potentialAction\":[{\"@type\":\"SearchAction\",\"target\":{\"@type\":\"EntryPoint\",\"urlTemplate\":\"https:\\\/\\\/afterwork-stuttgart.de\\\/en\\\/?s={search_term_string}\"},\"query-input\":{\"@type\":\"PropertyValueSpecification\",\"valueRequired\":true,\"valueName\":\"search_term_string\"}}],\"inLanguage\":\"en-US\"},{\"@type\":[\"Organization\",\"Place\"],\"@id\":\"https:\\\/\\\/afterwork-stuttgart.de\\\/en\\\/#organization\",\"name\":\"AFTERWORK Region Stuttgart\",\"alternateName\":\"AFTERWORK Business\",\"url\":\"https:\\\/\\\/afterwork-stuttgart.de\\\/en\\\/\",\"logo\":{\"@id\":\"https:\\\/\\\/afterwork-stuttgart.de\\\/en\\\/partner\\\/weller-das-original\\\/#local-main-organization-logo\"},\"image\":{\"@id\":\"https:\\\/\\\/afterwork-stuttgart.de\\\/en\\\/partner\\\/weller-das-original\\\/#local-main-organization-logo\"},\"sameAs\":[\"https:\\\/\\\/www.facebook.com\\\/AFTERWORKServices\",\"https:\\\/\\\/www.instagram.com\\\/afterwork_stuttgart\\\/\",\"https:\\\/\\\/www.tiktok.com\\\/@afterwork_stuttgart\",\"https:\\\/\\\/www.linkedin.com\\\/company\\\/97799861\\\/admin\\\/dashboard\\\/\"],\"description\":\"AFTERWORK ist seit 2020 die zentrale Plattform f\u00fcr sorgf\u00e4ltig ausgew\u00e4hlte Empfehlungen in der Region Stuttgart \u2013 speziell konzipiert f\u00fcr Gesch\u00e4ftsreisende, Messebesucher und Teilnehmer von Veranstaltungen. Ziel ist es, diesen G\u00e4sten die Freizeitgestaltung vor, w\u00e4hrend oder nach gesch\u00e4ftlichen Terminen so einfach und angenehm wie m\u00f6glich zu machen. Anstatt selbst lange recherchieren zu m\u00fcssen, finden Nutzer bei AFTERWORK schnell passende Adressen aus verschiedenen Lebensbereichen: Gastronomie, Hotellerie, Shopping, Wellness, Kultur und mehr.\",\"numberOfEmployees\":{\"@type\":\"QuantitativeValue\",\"minValue\":\"1\",\"maxValue\":\"10\"},\"telephone\":[],\"openingHoursSpecification\":[{\"@type\":\"OpeningHoursSpecification\",\"dayOfWeek\":[\"Monday\",\"Tuesday\",\"Wednesday\",\"Thursday\",\"Friday\",\"Saturday\",\"Sunday\"],\"opens\":\"09:00\",\"closes\":\"17:00\"}]},{\"@type\":\"ImageObject\",\"inLanguage\":\"en-US\",\"@id\":\"https:\\\/\\\/afterwork-stuttgart.de\\\/en\\\/partner\\\/weller-das-original\\\/#local-main-organization-logo\",\"url\":\"https:\\\/\\\/afterwork-stuttgart.de\\\/wp-content\\\/uploads\\\/2025\\\/05\\\/AFTERWORK_Interneticon.png\",\"contentUrl\":\"https:\\\/\\\/afterwork-stuttgart.de\\\/wp-content\\\/uploads\\\/2025\\\/05\\\/AFTERWORK_Interneticon.png\",\"width\":262,\"height\":297,\"caption\":\"AFTERWORK Region Stuttgart\"}]}<\/script>\n<!-- \/ Yoast SEO Premium plugin. -->","yoast_head_json":{"title":"WELLER \u2013 Das Original &#8211; AFTERWORK Region Stuttgart","robots":{"index":"index","follow":"follow","max-snippet":"max-snippet:-1","max-image-preview":"max-image-preview:large","max-video-preview":"max-video-preview:-1"},"canonical":"https:\/\/afterwork-stuttgart.de\/en\/partner\/weller-das-original\/","og_locale":"en_US","og_type":"article","og_title":"WELLER \u2013 Das Original","og_description":"WELLER \u2013 Das Original ist ein familiengef\u00fchrtes Cateringunternehmen mit Sitz in Stuttgart und z\u00e4hlt zu den Pionieren der modernen Cateringkultur in der Region. Mit \u00fcber 150 Mitarbeitenden, eigener Manufaktur und einem konsequent nachhaltigen Ansatz bietet WELLER ma\u00dfgeschneiderte kulinarische L\u00f6sungen f\u00fcr Business-Events, private Feiern und Afterwork-Veranstaltungen. Ob frisches Fingerfood, kreative Buffets oder exklusive Genussmomente \u2013 WELLER [&hellip;]","og_url":"https:\/\/afterwork-stuttgart.de\/en\/partner\/weller-das-original\/","og_site_name":"AFTERWORK Region Stuttgart","article_publisher":"https:\/\/www.facebook.com\/AFTERWORKServices","article_modified_time":"2025-09-03T14:04:54+00:00","og_image":[{"width":2560,"height":1440,"url":"https:\/\/afterwork-stuttgart.de\/wp-content\/uploads\/2025\/05\/stuttgart-scaled.jpeg","type":"image\/jpeg"}],"twitter_card":"summary_large_image","twitter_misc":{"Est. reading time":"1 minute"},"schema":{"@context":"https:\/\/schema.org","@graph":[{"@type":"WebPage","@id":"https:\/\/afterwork-stuttgart.de\/en\/partner\/weller-das-original\/","url":"https:\/\/afterwork-stuttgart.de\/en\/partner\/weller-das-original\/","name":"WELLER \u2013 Das Original &#8211; AFTERWORK Region Stuttgart","isPartOf":{"@id":"https:\/\/afterwork-stuttgart.de\/en\/#website"},"datePublished":"2025-08-19T14:25:12+00:00","dateModified":"2025-09-03T14:04:54+00:00","breadcrumb":{"@id":"https:\/\/afterwork-stuttgart.de\/en\/partner\/weller-das-original\/#breadcrumb"},"inLanguage":"en-US","potentialAction":[{"@type":"ReadAction","target":["https:\/\/afterwork-stuttgart.de\/en\/partner\/weller-das-original\/"]}]},{"@type":"BreadcrumbList","@id":"https:\/\/afterwork-stuttgart.de\/en\/partner\/weller-das-original\/#breadcrumb","itemListElement":[{"@type":"ListItem","position":1,"name":"Startseite","item":"https:\/\/afterwork-stuttgart.de\/en\/home\/"},{"@type":"ListItem","position":2,"name":"Listings","item":"https:\/\/afterwork-stuttgart.de\/en\/partner\/"},{"@type":"ListItem","position":3,"name":"WELLER \u2013 Das Original"}]},{"@type":"WebSite","@id":"https:\/\/afterwork-stuttgart.de\/en\/#website","url":"https:\/\/afterwork-stuttgart.de\/en\/","name":"AFTERWORK Region Stuttgart","description":"Die besten After-Work-Locations in Stuttgart: Exklusive Bars, Restaurants und Events f\u00fcr Gesch\u00e4ftsleute, Networker und Genie\u00dfer.","publisher":{"@id":"https:\/\/afterwork-stuttgart.de\/en\/#organization"},"alternateName":"AFTERWORK Business","potentialAction":[{"@type":"SearchAction","target":{"@type":"EntryPoint","urlTemplate":"https:\/\/afterwork-stuttgart.de\/en\/?s={search_term_string}"},"query-input":{"@type":"PropertyValueSpecification","valueRequired":true,"valueName":"search_term_string"}}],"inLanguage":"en-US"},{"@type":["Organization","Place"],"@id":"https:\/\/afterwork-stuttgart.de\/en\/#organization","name":"AFTERWORK Region Stuttgart","alternateName":"AFTERWORK Business","url":"https:\/\/afterwork-stuttgart.de\/en\/","logo":{"@id":"https:\/\/afterwork-stuttgart.de\/en\/partner\/weller-das-original\/#local-main-organization-logo"},"image":{"@id":"https:\/\/afterwork-stuttgart.de\/en\/partner\/weller-das-original\/#local-main-organization-logo"},"sameAs":["https:\/\/www.facebook.com\/AFTERWORKServices","https:\/\/www.instagram.com\/afterwork_stuttgart\/","https:\/\/www.tiktok.com\/@afterwork_stuttgart","https:\/\/www.linkedin.com\/company\/97799861\/admin\/dashboard\/"],"description":"AFTERWORK ist seit 2020 die zentrale Plattform f\u00fcr sorgf\u00e4ltig ausgew\u00e4hlte Empfehlungen in der Region Stuttgart \u2013 speziell konzipiert f\u00fcr Gesch\u00e4ftsreisende, Messebesucher und Teilnehmer von Veranstaltungen. Ziel ist es, diesen G\u00e4sten die Freizeitgestaltung vor, w\u00e4hrend oder nach gesch\u00e4ftlichen Terminen so einfach und angenehm wie m\u00f6glich zu machen. Anstatt selbst lange recherchieren zu m\u00fcssen, finden Nutzer bei AFTERWORK schnell passende Adressen aus verschiedenen Lebensbereichen: Gastronomie, Hotellerie, Shopping, Wellness, Kultur und mehr.","numberOfEmployees":{"@type":"QuantitativeValue","minValue":"1","maxValue":"10"},"telephone":[],"openingHoursSpecification":[{"@type":"OpeningHoursSpecification","dayOfWeek":["Monday","Tuesday","Wednesday","Thursday","Friday","Saturday","Sunday"],"opens":"09:00","closes":"17:00"}]},{"@type":"ImageObject","inLanguage":"en-US","@id":"https:\/\/afterwork-stuttgart.de\/en\/partner\/weller-das-original\/#local-main-organization-logo","url":"https:\/\/afterwork-stuttgart.de\/wp-content\/uploads\/2025\/05\/AFTERWORK_Interneticon.png","contentUrl":"https:\/\/afterwork-stuttgart.de\/wp-content\/uploads\/2025\/05\/AFTERWORK_Interneticon.png","width":262,"height":297,"caption":"AFTERWORK Region Stuttgart"}]}},"_links":{"self":[{"href":"https:\/\/afterwork-stuttgart.de\/en\/wp-json\/wp\/v2\/listing\/3479","targetHints":{"allow":["GET"]}}],"collection":[{"href":"https:\/\/afterwork-stuttgart.de\/en\/wp-json\/wp\/v2\/listing"}],"about":[{"href":"https:\/\/afterwork-stuttgart.de\/en\/wp-json\/wp\/v2\/types\/listing"}],"author":[{"embeddable":true,"href":"https:\/\/afterwork-stuttgart.de\/en\/wp-json\/wp\/v2\/users\/10"}],"replies":[{"embeddable":true,"href":"https:\/\/afterwork-stuttgart.de\/en\/wp-json\/wp\/v2\/comments?post=3479"}],"version-history":[{"count":4,"href":"https:\/\/afterwork-stuttgart.de\/en\/wp-json\/wp\/v2\/listing\/3479\/revisions"}],"predecessor-version":[{"id":5040,"href":"https:\/\/afterwork-stuttgart.de\/en\/wp-json\/wp\/v2\/listing\/3479\/revisions\/5040"}],"wp:attachment":[{"href":"https:\/\/afterwork-stuttgart.de\/en\/wp-json\/wp\/v2\/media?parent=3479"}],"wp:term":[{"taxonomy":"listing_category","embeddable":true,"href":"https:\/\/afterwork-stuttgart.de\/en\/wp-json\/wp\/v2\/listing_category?post=3479"},{"taxonomy":"event_category","embeddable":true,"href":"https:\/\/afterwork-stuttgart.de\/en\/wp-json\/wp\/v2\/event_category?post=3479"},{"taxonomy":"service_category","embeddable":true,"href":"https:\/\/afterwork-stuttgart.de\/en\/wp-json\/wp\/v2\/service_category?post=3479"},{"taxonomy":"rental_category","embeddable":true,"href":"https:\/\/afterwork-stuttgart.de\/en\/wp-json\/wp\/v2\/rental_category?post=3479"},{"taxonomy":"classifieds_category","embeddable":true,"href":"https:\/\/afterwork-stuttgart.de\/en\/wp-json\/wp\/v2\/classifieds_category?post=3479"},{"taxonomy":"listing_feature","embeddable":true,"href":"https:\/\/afterwork-stuttgart.de\/en\/wp-json\/wp\/v2\/listing_feature?post=3479"},{"taxonomy":"region","embeddable":true,"href":"https:\/\/afterwork-stuttgart.de\/en\/wp-json\/wp\/v2\/region?post=3479"},{"taxonomy":"uebernachtung_category","embeddable":true,"href":"https:\/\/afterwork-stuttgart.de\/en\/wp-json\/wp\/v2\/uebernachtung_category?post=3479"}],"curies":[{"name":"wp","href":"https:\/\/api.w.org\/{rel}","templated":true}]}}